{"id":1282,"date":"2023-11-13T11:19:47","date_gmt":"2023-11-13T10:19:47","guid":{"rendered":"https:\/\/cocat-experiencies.c.wetopi.com\/experiencias\/ibg-12-black-forest-experience-lauterbach-2023\/"},"modified":"2023-11-13T11:19:47","modified_gmt":"2023-11-13T10:19:47","slug":"ibg-12-black-forest-experience-lauterbach-2023","status":"publish","type":"experiencias","link":"https:\/\/experiencies.cocat.org\/es\/experiencias\/ibg-12-black-forest-experience-lauterbach-2023\/","title":{"rendered":"IBG 12 Black Forest Experience Lauterbach (2023)"},"content":{"rendered":"<p><a href=\"https:\/\/www.cocat.org\/wp-content\/uploads\/2023\/11\/Lauterbach-Aina-Gelpi-Molas.jpg\"><img fetchpriority=\"high\" decoding=\"async\" class=\"aligncenter size-large wp-image-20601\" src=\"https:\/\/www.cocat.org\/wp-content\/uploads\/2023\/11\/Lauterbach-Aina-Gelpi-Molas-1024x838.jpg\" alt=\"\" width=\"1024\" height=\"838\" \/><\/a><\/p>\n<p>&nbsp;<\/p>\n<p><span style=\"font-weight: 400\"><div class=\"vc_row_inner\"><div class=\"vc_column_inner width-1-4\"><div class=\"vc_column_text\"><\/div><\/span><\/p>\n<p><strong>Tipo y a\u00f1o del proyecto<\/strong><\/p>\n<p>Campo de trabajo de corta duraci\u00f3n, 2023<\/p>\n<p><strong>Organizaci\u00f3n de acogida<\/strong><\/p>\n<p><a href=\"https:\/\/ibg-workcamps.org\/en\">IBG<\/a><\/p>\n<p><strong>Pa\u00eds y ciudad de destino<\/strong><\/p>\n<p><span style=\"font-weight: 400\">Alemania, Lauterbach <\/span><\/p>\n<p><strong>La preparaci\u00f3n del viaje<\/strong><\/p>\n<p><span style=\"font-weight: 400\">Muy importante ropa impermeable. El campo de trabajo est\u00e1 en medio de la monta\u00f1a, y el tiempo cambia constantemente, y por tanto, es muy posible que se acabe trabajando bajo la lluvia.<\/span><\/p>\n<p><strong>Sobre el pa\u00eds<\/strong><\/p>\n<p><span style=\"font-weight: 400\">En los pueblecitos peque\u00f1os alemanes, es posible que haya gente que no hable el ingl\u00e9s y por tanto, te tienes que hacer entender.<\/span><\/p>\n<p><span style=\"font-weight: 400\">En general, como cultura es bastante parecida a la nuestra. A destacar que beben mucha cerveza.<\/span><\/p>\n<p><span style=\"font-weight: 400\"><\/div><\/span><\/p>\n<p><span style=\"font-weight: 400\"><div class=\"vc_column_inner width-1-4\"><\/span><\/p>\n<p>&nbsp;<\/p>\n<p><strong>Transporte<\/strong><\/p>\n<p><span style=\"font-weight: 400\">El transporte en tren por Alemania es caro si compras los billetes por separado (pero hay la opci\u00f3n de comprarte un pase por 1 mes). En general, hay que tener en cuenta que los trenes no circulan del todo bien\u00a0 (hay cancelaciones, retrasos, &#8230;)<\/span><\/p>\n<p><strong>El entorno del proyecto\u00a0<\/strong><\/p>\n<p><span style=\"font-weight: 400\">Durante el proyecto, nos movimos bastante. Visitamos los pueblos de los alrededores durante la semana, por la tarde despu\u00e9s de trabajar. El fin de semana un d\u00eda fuimos a Estrasburgo y el otro d\u00eda nos unimos a otro grupo, que hab\u00edan estado trabajando en un festival.<\/span><\/p>\n<p>&nbsp;<\/p>\n<p><strong>Un peque\u00f1o resumen de la experiencia<\/strong><\/p>\n<p><span style=\"font-weight: 400\"><\/div><\/span><\/p>\n<p><span style=\"font-weight: 400\"><div class=\"vc_column_inner width-1-4\"><\/span><\/p>\n<p><span style=\"font-weight: 400\">El d\u00eda a d\u00eda pod\u00eda variar en funci\u00f3n del que hac\u00edamos por la tarde, pero las ma\u00f1anas siempre eran iguales. A las 8h o a las 9h empez\u00e1bamos a trabajar hasta las 14 o 15h. La tarde estaba reservada para hacer actividades en grupo (mini golf, bolera, visitar pueblos, etc). Cen\u00e1bamos hacia las 20-21h y despu\u00e9s de cenar hab\u00eda algunos d\u00edas que hac\u00edamos juegos, otros que charlabamos, hicimos una hoguera tambi\u00e9n. Todo depend\u00eda mucho del que decid\u00edamos entre todos.<\/span><\/p>\n<p><span style=\"font-weight: 400\">La relaci\u00f3n con los compa\u00f1eros fue muy buena. Con la l\u00edder la relaci\u00f3n fue un poco diferente, puesto que a veces era algo m\u00e1s \u00abformal\u00bb para decirlo de alguna manera.<\/span><\/p>\n<p><span style=\"font-weight: 400\">El lugar de campo de trabajo y el alojamiento eran geniales. La casa estaba en medio de la selva negra, delante ten\u00edamos un prado donde vemos monta\u00f1as y \u00e1rboles. La casa era grande y estaba dividida en dos, por lo tanto, hab\u00eda d\u00edas que en la otra parte de la casa hab\u00eda grupos de colonias.<\/span><\/p>\n<p><span style=\"font-weight: 400\"><\/div><\/span><\/p>\n<p><span style=\"font-weight: 400\"><div class=\"vc_column_inner width-1-4\"><\/span><\/p>\n<p><strong>\u00bfAlgun consejo o an\u00e9cdota que quieras compartir ? <\/strong><\/p>\n<p><span style=\"font-weight: 400\">Creo que es importante, aparte de tener ganas de trabajar, tambi\u00e9n ir con la mentalidad de que te tendr\u00e1s que socializar. El campo de trabajo no es solo para trabajar y ya, sino tambi\u00e9n para conocer gente nueva, otros pa\u00edses y hacer intercambio cultural.<\/span><\/p>\n<p><em>Aina G.M.<\/em><\/p>\n<p><span style=\"font-weight: 400\"><\/div><\/span><\/p>\n<p><span style=\"font-weight: 400\"><\/div><\/span><\/p>\n","protected":false},"featured_media":862,"template":"","categoria-experiencia":[140,37],"class_list":["post-1282","experiencias","type-experiencias","status-publish","has-post-thumbnail","hentry","categoria-experiencia-alemania-es","categoria-experiencia-corta-duracion"],"_links":{"self":[{"href":"https:\/\/experiencies.cocat.org\/es\/wp-json\/wp\/v2\/experiencias\/1282","targetHints":{"allow":["GET"]}}],"collection":[{"href":"https:\/\/experiencies.cocat.org\/es\/wp-json\/wp\/v2\/experiencias"}],"about":[{"href":"https:\/\/experiencies.cocat.org\/es\/wp-json\/wp\/v2\/types\/experiencias"}],"wp:featuredmedia":[{"embeddable":true,"href":"https:\/\/experiencies.cocat.org\/es\/wp-json\/wp\/v2\/media\/862"}],"wp:attachment":[{"href":"https:\/\/experiencies.cocat.org\/es\/wp-json\/wp\/v2\/media?parent=1282"}],"wp:term":[{"taxonomy":"categoria-experiencia","embeddable":true,"href":"https:\/\/experiencies.cocat.org\/es\/wp-json\/wp\/v2\/categoria-experiencia?post=1282"}],"curies":[{"name":"wp","href":"https:\/\/api.w.org\/{rel}","templated":true}]}}