{"id":1505,"date":"2023-10-16T10:33:32","date_gmt":"2023-10-16T08:33:32","guid":{"rendered":"https:\/\/cocat-experiencies.c.wetopi.com\/experiencias\/seeds-039-photo-marathon-in-the-summer-reykjavik-2023\/"},"modified":"2024-07-26T14:04:53","modified_gmt":"2024-07-26T12:04:53","slug":"seeds-039-photo-marathon-in-the-summer-reykjavik-2023","status":"publish","type":"experiencias","link":"https:\/\/experiencies.cocat.org\/es\/experiencias\/seeds-039-photo-marathon-in-the-summer-reykjavik-2023\/","title":{"rendered":"SEEDS 039. Photo Marathon in the Summer &#8211; Reykjav\u00edk (2023)"},"content":{"rendered":"<p>&nbsp;<\/p>\n<div id='gallery-1' class='gallery galleryid-1505 gallery-columns-1 gallery-size-medium'><figure class='gallery-item'>\n\t\t\t<div class='gallery-icon portrait'>\n\t\t\t\t<a href='https:\/\/experiencies.cocat.org\/wp-content\/uploads\/2023\/10\/2023-07-25_14-43-14_000-Ivet-Garcia-Junyent.jpeg'><img fetchpriority=\"high\" decoding=\"async\" width=\"225\" height=\"300\" src=\"https:\/\/experiencies.cocat.org\/wp-content\/uploads\/2023\/10\/2023-07-25_14-43-14_000-Ivet-Garcia-Junyent-225x300.jpeg\" class=\"attachment-medium size-medium\" alt=\"\" srcset=\"https:\/\/experiencies.cocat.org\/wp-content\/uploads\/2023\/10\/2023-07-25_14-43-14_000-Ivet-Garcia-Junyent-225x300.jpeg 225w, https:\/\/experiencies.cocat.org\/wp-content\/uploads\/2023\/10\/2023-07-25_14-43-14_000-Ivet-Garcia-Junyent-768x1024.jpeg 768w, https:\/\/experiencies.cocat.org\/wp-content\/uploads\/2023\/10\/2023-07-25_14-43-14_000-Ivet-Garcia-Junyent-1152x1536.jpeg 1152w, https:\/\/experiencies.cocat.org\/wp-content\/uploads\/2023\/10\/2023-07-25_14-43-14_000-Ivet-Garcia-Junyent.jpeg 1200w\" sizes=\"custom-gallery-size\" \/><\/a>\n\t\t\t<\/div><\/figure>\n\t\t<\/div>\n\n<p><span style=\"font-weight: 400\"><div class=\"vc_row_inner\"><div class=\"vc_column_inner width-1-4\"><div class=\"vc_column_text\"><\/div><\/span><\/p>\n<p><strong>Organizaci\u00f3n de acogida<\/strong><\/p>\n<p><a href=\"https:\/\/www.seeds.is\/workcamps\">SEEDS<\/a><\/p>\n<p><strong>Pa\u00eds y ciudad de destino<\/strong><\/p>\n<p><span style=\"font-weight: 400\">Islandia, Reykjav\u00edk<\/span><\/p>\n<p><strong>La preparaci\u00f3n del viaje<\/strong><\/p>\n<p><span style=\"font-weight: 400\">Considero que la preparaci\u00f3n del viaje fue muy buena gracias a la informaci\u00f3n del Infosheet, tanto el general como el espec\u00edfico. Recomiendo tener a mano un papel y un l\u00e1piz mientras se lee para ir haciendo una lista con toda la informaci\u00f3n relevante en cuanto a transporte hasta el punto de encuentro, tel\u00e9fonos de emergencia, cuota extra a pagar, equipaci\u00f3n necesaria y ropa imprescindible. Por otro lado, decir que me llev\u00e9 tr\u00edpode y ordenador, puesto que desde SEEDS se ped\u00eda y habr\u00eda podido ir sin; hubo muchos voluntarios que ni llevaron. Creo que es una cosa a tener en cuenta porque por el tema quieres la cantidad de equipaje var\u00eda mucho el precio. Cualquier duda de si un \u00edtem es realmente imprescindible se puede contactar f\u00e1cilmente con ellos por correo electr\u00f3nico y en pocos d\u00edas recibes respuesta.<\/span><\/p>\n<p><span style=\"font-weight: 400\"><\/div><\/span><\/p>\n<p><span style=\"font-weight: 400\"><div class=\"vc_column_inner width-1-4\"><\/span><\/p>\n<p><strong>Sobre el pa\u00eds<\/strong><\/p>\n<p><span style=\"font-weight: 400\">Es dif\u00edcil entender la cultura de Islandia en tan pocos d\u00edas. La poblaci\u00f3n es muy peque\u00f1a y el 80% o m\u00e1s se aloja en Reikiavik, el campo de trabajo se encuentra en las afueras. La ciudad est\u00e1 llena de turistas de todo el mundo y es dif\u00edcil distinguir los islandeses por las calles.<\/span><\/p>\n<p><strong>Estilo de vida\u00a0<\/strong><\/p>\n<p><span style=\"font-weight: 400\">Hay que tener en cuenta que Islandia es un pa\u00eds muy caro, pero no tuve en ning\u00fan momento la necesidad de comprar nada all\u00e1. El transporte es dif\u00edcil, puesto que los buses no llegan a la mayor parte de la isla y adem\u00e1s, tienen un coste elevado. Tema dinero: se puede pagar todo con tarjeta de cr\u00e9dito, cosa que aconsejo porque te ahorras hacer el cambio de moneda, menos a SEEDS si quieres ir a hacer alguna excursi\u00f3n adicional opcional dentro del tiempo libre, pero se puede pagar con euros. As\u00ed pues, recomiendo ir con tarjeta de cr\u00e9dito y alg\u00fan dinero en efectivo (tampoco hay que pasarse) sin cambiarlos a coronas islandesas.<\/span><\/p>\n<p><span style=\"font-weight: 400\"><\/div><\/span><\/p>\n<p><span style=\"font-weight: 400\"><div class=\"vc_column_inner width-1-4\"><\/span><\/p>\n<p><strong>El entorno del proyecto\u00a0<\/strong><\/p>\n<p><span style=\"font-weight: 400\">Durante el proyecto hicimos cuatro excursiones, tres que van incluidas con la cuota adicional y, por lo tanto, ya est\u00e1n pagadas, y una opcional en la cual nosotros quisimos ir a ver el volc\u00e1n en erupci\u00f3n y tuvimos que pagar \u00fanicamente por la gasolina del coche. Todas ellas valieron mucho la pena.<\/span><\/p>\n<p><strong>Un peque\u00f1o resumen de c\u00f3mo fue tu experiencia durante el voluntariado<\/strong><\/p>\n<p><span style=\"font-weight: 400\">Durante el campo de trabajo nos alojamos en una casa en las afueras de Reikiavik en muy buenas condiciones donde dorm\u00edamos en habitaciones compartidas, pod\u00edamos cubrir todas las necesidades, cocin\u00e1bamos y com\u00edamos. Pas\u00e1bamos la mayor parte del tiempo juntos en el cuarto de estar y en la cocina y r\u00e1pidamente se convirti\u00f3 en un lugar en el cual todo el mundo se pod\u00eda sentir a gusto. Los camp l\u00edderes nos lo pusieron todo muy f\u00e1cil y nos dieron mucha libertad desde un principio.\u00a0<\/span><\/p>\n<p><span style=\"font-weight: 400\"><\/div><\/span><\/p>\n<p><span style=\"font-weight: 400\"><div class=\"vc_column_inner width-1-4\"><\/span><\/p>\n<p><span style=\"font-weight: 400\">Ellos eran qui\u00e9n nos ense\u00f1aban de fotograf\u00eda y hac\u00edamos excursiones para poner en pr\u00e1ctica la teor\u00eda explicada previamente. Definitivamente, es una experiencia que recomiendo much\u00edsimo, no solo para aprender fotograf\u00eda sino tambi\u00e9n para visitar Islandia y hacer muchos amigos de culturas diferentes.<\/span><\/p>\n<p><strong>\u00bfAlg\u00fan consejo \u00fatil o alguna an\u00e9cdota que quieras compartir?<\/strong><\/p>\n<p><span style=\"font-weight: 400\">Tener en cuenta que en este proyecto hay pocas tareas de voluntario y que, por lo tanto, no es un voluntariado como tal. Es m\u00e1s bien un campo de aprendizaje y de compartir con personas de otras culturas.<\/span><\/p>\n<p><em>Ivet G.<\/em><\/p>\n<p><span style=\"font-weight: 400\"><\/div><\/span><\/p>\n<p><span style=\"font-weight: 400\"><\/div><\/span><\/p>\n<p>&nbsp;<\/p>\n","protected":false},"featured_media":1506,"template":"","categoria-experiencia":[37,164],"class_list":["post-1505","experiencias","type-experiencias","status-publish","has-post-thumbnail","hentry","categoria-experiencia-corta-duracion","categoria-experiencia-islandia-es"],"_links":{"self":[{"href":"https:\/\/experiencies.cocat.org\/es\/wp-json\/wp\/v2\/experiencias\/1505","targetHints":{"allow":["GET"]}}],"collection":[{"href":"https:\/\/experiencies.cocat.org\/es\/wp-json\/wp\/v2\/experiencias"}],"about":[{"href":"https:\/\/experiencies.cocat.org\/es\/wp-json\/wp\/v2\/types\/experiencias"}],"wp:featuredmedia":[{"embeddable":true,"href":"https:\/\/experiencies.cocat.org\/es\/wp-json\/wp\/v2\/media\/1506"}],"wp:attachment":[{"href":"https:\/\/experiencies.cocat.org\/es\/wp-json\/wp\/v2\/media?parent=1505"}],"wp:term":[{"taxonomy":"categoria-experiencia","embeddable":true,"href":"https:\/\/experiencies.cocat.org\/es\/wp-json\/wp\/v2\/categoria-experiencia?post=1505"}],"curies":[{"name":"wp","href":"https:\/\/api.w.org\/{rel}","templated":true}]}}