{"id":2426,"date":"2016-10-03T16:48:46","date_gmt":"2016-10-03T14:48:46","guid":{"rendered":"https:\/\/cocat-experiencies.c.wetopi.com\/experiencias\/alemanya-ijgd-16204-i-have-the-crisis-a-theatre-summer-camp\/"},"modified":"2016-10-03T16:48:46","modified_gmt":"2016-10-03T14:48:46","slug":"alemanya-ijgd-16204-i-have-the-crisis-a-theatre-summer-camp","status":"publish","type":"experiencias","link":"https:\/\/experiencies.cocat.org\/es\/experiencias\/alemanya-ijgd-16204-i-have-the-crisis-a-theatre-summer-camp\/","title":{"rendered":"Alemanya &#8211; IJGD 16204 &#8211; I HAVE THE CRISIS &#8211; A THEATRE SUMMER CAMP"},"content":{"rendered":"<p><a href=\"http:\/\/www.cocat.org\/wp-content\/uploads\/2016\/10\/csm_IMG_0872_0ea6443d61.jpg\"><img fetchpriority=\"high\" decoding=\"async\" class=\"alignleft size-full wp-image-8278\" src=\"http:\/\/www.cocat.org\/wp-content\/uploads\/2016\/10\/csm_IMG_0872_0ea6443d61.jpg\" alt=\"csm_IMG_0872_0ea6443d61\" width=\"900\" height=\"600\" \/><\/a><div class=\"vc_row_inner\"><div class=\"vc_column_inner width-1-4\"><div class=\"vc_column_text\"><\/div><strong>Entitat organitzadora<\/strong><\/p>\n<p><a href=\"http:\/\/www.ijgd.de\/\" target=\"_blank\" rel=\"noopener noreferrer\">IJGD<\/a><\/p>\n<p><strong>Localitat<\/strong><\/p>\n<p>Alfeld<\/p>\n<p><strong>L\u2019experi\u00e8ncia en el camp<\/strong><\/p>\n<p>En l\u00ednies generals, aquest camp ha estat un taller de teatre dirigit per una professora de teatre professional. Ella, el grup de voluntaris i les camp leaders i viviem tots junts en una casa destinada a aquest tipus de projectes.<br \/>\nDurant la setmana, feiem 5 hores di\u00e0ries d&#8217;exercicis per aprendre algunes de les principals t\u00e8cniques teatrals i ho combinavem amb la creaci\u00f3 d&#8217;una obra de teatre, que la representariem el pen\u00faltim dia del camp. Per tal de promocionar l&#8217;obra i animar a la gent que vingu\u00e9s de p\u00fablic, vam fer diverses activitats que ens van permetre relacionar-nos amb la comunitat local.<br \/>\nTot i l&#8217;assessorament de la professora de teatre, els membres que formavem el grup erem els que guiavem el nostre propi proc\u00e9s d&#8217;aprenentatge a partir de les nostres opinions i experi\u00e8ncies.<br \/>\nHa estat una experi\u00e8ncia fant\u00e0stica i una oportunitat \u00fanica per con\u00e8ixer gent de cultures molt diferents. Sense dubte, no oblidar\u00e9 mai aquests dies a Alfeld!<\/p>\n<p>&nbsp;<\/p>\n<\/div>\n<div class=\"vc_column_inner width-1-4\"><strong>Com preparar-se el viatge<\/strong><\/p>\n<p>Personalment, recomano agafar el bitllet del transport elegit el m\u00e9s aviat possible despr\u00e9s d&#8217;haver estat confirmat en el camp ja que els preus solen pujar a mida que es va acostant la data de sortida.<\/p>\n<p><strong>Introducci\u00f3 a la cultura i la societat<\/strong><\/p>\n<p>Alemanya \u00e9s un pa\u00eds amb una cultura molt profunda de reciclatge i haureu de separar tots els residus. Aix\u00ed contribuirem a una millor gesti\u00f3 dels residus entre tots!<\/p>\n<p><strong>Com moure\u2019s<\/strong><\/p>\n<p>B\u00e0sicament, el transport durant el camp ha estat mitjan\u00e7ant el tren i el metro.<\/p>\n<p>&nbsp;<\/p>\n<p><strong>Com comunicar-se<\/strong><\/p>\n<p>La majoria d&#8217;alemanys comprenen i saben expressar-se en angl\u00e8s aix\u00ed que no \u00e9s imprescindible dominar l&#8217;alemany. Tot i aix\u00f2, \u00e9s important fer un esfo\u00e7 per aprendre les paraules m\u00e9s b\u00e0siques en el seu idioma!<\/p>\n<p>&nbsp;<\/p>\n<\/div>\n<div class=\"vc_column_inner width-1-4\"><strong>Diners<\/strong><\/p>\n<p>El cost de vida \u00e9s semblant al de Catalunya, aix\u00ed que amb 100 o 150 euros n&#8217;hi ha prou per passar 2 setmanes. Jo recomanaria repartir els diners per l&#8217;equipatge per no quedar-se sense res en cas que es perd\u00e9s la cartera.<\/p>\n<p><strong>Alimentaci\u00f3<\/strong><\/p>\n<p>Durant el camp, els propis voluntaris s&#8217;organitzen per cuinar plats t\u00edpics de la seva terra. Pel que fa al menjar alemany, destaquen sobretot les salsitxes i el pur\u00e9 de patates, a m\u00e9s de la cervesa.<\/p>\n<p>&nbsp;<\/p>\n<\/div>\n<p>&nbsp;<\/p>\n<div class=\"vc_column_inner width-1-4\">\n<p>&nbsp;<\/p>\n<p>&nbsp;<\/p>\n<p>&nbsp;<\/p>\n<\/div>\n<p>&nbsp;<\/p>\n<p style=\"text-align: left\"><\/div>\n","protected":false},"featured_media":2427,"template":"","categoria-experiencia":[140,37],"class_list":["post-2426","experiencias","type-experiencias","status-publish","has-post-thumbnail","hentry","categoria-experiencia-alemania-es","categoria-experiencia-corta-duracion"],"_links":{"self":[{"href":"https:\/\/experiencies.cocat.org\/es\/wp-json\/wp\/v2\/experiencias\/2426","targetHints":{"allow":["GET"]}}],"collection":[{"href":"https:\/\/experiencies.cocat.org\/es\/wp-json\/wp\/v2\/experiencias"}],"about":[{"href":"https:\/\/experiencies.cocat.org\/es\/wp-json\/wp\/v2\/types\/experiencias"}],"wp:featuredmedia":[{"embeddable":true,"href":"https:\/\/experiencies.cocat.org\/es\/wp-json\/wp\/v2\/media\/2427"}],"wp:attachment":[{"href":"https:\/\/experiencies.cocat.org\/es\/wp-json\/wp\/v2\/media?parent=2426"}],"wp:term":[{"taxonomy":"categoria-experiencia","embeddable":true,"href":"https:\/\/experiencies.cocat.org\/es\/wp-json\/wp\/v2\/categoria-experiencia?post=2426"}],"curies":[{"name":"wp","href":"https:\/\/api.w.org\/{rel}","templated":true}]}}